{"id":14,"name":"wykaz-ewidencji-rejestrow-i-archiwow","title":"Wykaz ewidencji, rejestr\u00f3w i archiw\u00f3w","desc":"","header":"Wykaz ewidencji, rejestr\u00f3w i archiw\u00f3w","lead":"W Wojew\u00f3dzkim Szpitalu Neuropsychiatrycznym im. dr. Emila Cyrana prowadzone s\u0105 nast\u0119puj\u0105ce ewidencje, rejestry, archiwa:","keywords":"","changes":"Zmiana rejestru.","menu":"Wykaz ewidencji, rejestr\u00f3w i archiw\u00f3w","path":"\/wykaz-ewidencji-rejestrow-i-archiwow.html","url":"\/wykaz-ewidencji-rejestrow-i-archiwow.html","infoOwner":"Wojew\u00f3dzki Szpital Neuropsychiatryczny im. dr. Emila Cyrana z siedzib\u0105 w Lubli\u0144cu","dateFirstPublicate":"2021-08-12 09:44:34","dateLastVersionPublicate":"2025-07-16 08:12:43","dateAvailableFrom":"2025-04-07 09:42:11","dateAvailableTo":"","type":"jednostki_Zwyk\u0142a","pageParams":[],"components":[{"id":"93bb94fe-7312-11e9-90c1-000c290e6fc2","type":"SectionDescription","name":"","description":"Zajawka sekcji","content":[]},{"id":"93bbe8e3-7312-11e9-90c1-000c290e6fc2","type":"PageTitle","name":"Tytu\u0142 strony","description":"Tytu\u0142 strony","content":{"title":"Wykaz ewidencji, rejestr\u00f3w i archiw\u00f3w"}},{"id":"93bc435c-7312-11e9-90c1-000c290e6fc2","type":"PageDescription","name":"","description":"Zajawka strony","content":{"desc":"W Wojew\u00f3dzkim Szpitalu Neuropsychiatrycznym im. dr. Emila Cyrana prowadzone s\u0105 nast\u0119puj\u0105ce ewidencje, rejestry, archiwa:"}},{"id":"93bcef8e-7312-11e9-90c1-000c290e6fc2","type":"ContentWYSIWYG","name":"Tre\u015b\u0107","description":"Tre\u015b\u0107 strony","content":{"content":"\u003Ctable border=\u00221\u0022 style=\u0022width: 744.65px;\u0022\u003E\n\u003Ctbody\u003E\n\u003Ctr style=\u0022height: 16px;\u0022\u003E\n\u003Ctd style=\u0022width: 10px; text-align: center; height: 16px;\u0022\u003E1.\u003C\/td\u003E\n\u003Ctd style=\u0022width: 739.65px; height: 16px;\u0022\u003ERejestr delegacji s\u0142u\u017cbowych\u003C\/td\u003E\n\u003C\/tr\u003E\n\u003Ctr style=\u0022height: 16px;\u0022\u003E\n\u003Ctd style=\u0022width: 10px; text-align: center; height: 16px;\u0022\u003E2.\u003C\/td\u003E\n\u003Ctd style=\u0022width: 739.65px; height: 16px;\u0022\u003EEwidencja czasu pracy\u003C\/td\u003E\n\u003C\/tr\u003E\n\u003Ctr style=\u0022height: 16px;\u0022\u003E\n\u003Ctd style=\u0022width: 10px; text-align: center; height: 16px;\u0022\u003E3.\u003C\/td\u003E\n\u003Ctd style=\u0022width: 739.65px; height: 16px;\u0022\u003EEwidencja pracownik\u00f3w zwolnionych i zatrudnionych\u003C\/td\u003E\n\u003C\/tr\u003E\n\u003Ctr style=\u0022height: 16px;\u0022\u003E\n\u003Ctd style=\u0022width: 10px; text-align: center; height: 16px;\u0022\u003E4.\u003C\/td\u003E\n\u003Ctd style=\u0022width: 739.65px; height: 16px;\u0022\u003EEwidencja za\u015bwiadcze\u0144 o zatrudnieniu i wynagrodzeniu\u003C\/td\u003E\n\u003C\/tr\u003E\n\u003Ctr style=\u0022height: 16px;\u0022\u003E\n\u003Ctd style=\u0022width: 10px; text-align: center; height: 16px;\u0022\u003E5.\u003C\/td\u003E\n\u003Ctd style=\u0022width: 739.65px; height: 16px;\u0022\u003ERejestr szkole\u0144\u003C\/td\u003E\n\u003C\/tr\u003E\n\u003Ctr style=\u0022height: 16px;\u0022\u003E\n\u003Ctd style=\u0022width: 10px; text-align: center; height: 16px;\u0022\u003E6.\u003C\/td\u003E\n\u003Ctd style=\u0022width: 739.65px; height: 16px;\u0022\u003ERejestr praktyk\/sta\u017cy\/wolontariat\u00f3w\u003C\/td\u003E\n\u003C\/tr\u003E\n\u003Ctr style=\u0022height: 16px;\u0022\u003E\n\u003Ctd style=\u0022width: 10px; text-align: center; height: 16px;\u0022\u003E7.\u003C\/td\u003E\n\u003Ctd style=\u0022width: 739.65px; height: 16px;\u0022\u003ERejestr um\u00f3w\u003C\/td\u003E\n\u003C\/tr\u003E\n\u003Ctr style=\u0022height: 16px;\u0022\u003E\n\u003Ctd style=\u0022width: 10px; text-align: center; height: 16px;\u0022\u003E8.\u003C\/td\u003E\n\u003Ctd style=\u0022width: 739.65px; height: 16px;\u0022\u003ERejestr upowa\u017cnie\u0144\/pe\u0142nomocnictw\u003C\/td\u003E\n\u003C\/tr\u003E\n\u003Ctr style=\u0022height: 19px;\u0022\u003E\n\u003Ctd style=\u0022width: 10px; text-align: center; height: 19px;\u0022\u003E9.\u003C\/td\u003E\n\u003Ctd style=\u0022width: 739.65px; height: 19px;\u0022\u003ELista oczekuj\u0105cych na udzielenie \u015bwiadczenia zdrowotnego finansowanego ze \u015brodk\u00f3w publicznych\u003C\/td\u003E\n\u003C\/tr\u003E\n\u003Ctr style=\u0022height: 16px;\u0022\u003E\n\u003Ctd style=\u0022width: 10px; text-align: center; height: 16px;\u0022\u003E10.\u003C\/td\u003E\n\u003Ctd style=\u0022width: 739.65px; height: 16px;\u0022\u003EKsi\u0119ga odm\u00f3w\/przyj\u0119\u0107\u003C\/td\u003E\n\u003C\/tr\u003E\n\u003Ctr style=\u0022height: 16px;\u0022\u003E\n\u003Ctd style=\u0022width: 10px; height: 16px;\u0022\u003E11.\u003C\/td\u003E\n\u003Ctd style=\u0022width: 739.65px; height: 16px;\u0022\u003EEwidencja wyposa\u017cenia\u003C\/td\u003E\n\u003C\/tr\u003E\n\u003Ctr style=\u0022height: 14.9062px;\u0022\u003E\n\u003Ctd style=\u0022width: 10px; height: 14.9062px;\u0022\u003E12.\u003C\/td\u003E\n\u003Ctd style=\u0022width: 739.65px; height: 14.9062px;\u0022\u003EEwidencja \u015brodk\u00f3w trwa\u0142ych\u003C\/td\u003E\n\u003C\/tr\u003E\n\u003Ctr style=\u0022height: 16px;\u0022\u003E\n\u003Ctd style=\u0022width: 10px; height: 16px;\u0022\u003E13.\u003C\/td\u003E\n\u003Ctd style=\u0022width: 739.65px; height: 16px;\u0022\u003ERejestr udost\u0119pniania dokumentacji medycznej\u003C\/td\u003E\n\u003C\/tr\u003E\n\u003Ctr style=\u0022height: 16px;\u0022\u003E\n\u003Ctd style=\u0022width: 10px; height: 16px;\u0022\u003E14.\u003C\/td\u003E\n\u003Ctd style=\u0022width: 739.65px; height: 16px;\u0022\u003E\u003Cspan data-olk-copy-source=\u0022MessageBody\u0022\u003ERejestr zdarze\u0144 niepo\u017c\u0105danych\u003C\/span\u003E\u003C\/td\u003E\n\u003C\/tr\u003E\n\u003Ctr style=\u0022height: 16px;\u0022\u003E\n\u003Ctd style=\u0022width: 10px; height: 16px;\u0022\u003E15.\u003C\/td\u003E\n\u003Ctd style=\u0022width: 739.65px; height: 16px;\u0022\u003ERejestr zg\u0142osze\u0144 wewn\u0119trznych\u003C\/td\u003E\n\u003C\/tr\u003E\n\u003Ctr style=\u0022height: 16px;\u0022\u003E\n\u003Ctd style=\u0022width: 10px; height: 16px;\u0022\u003E16.\u003C\/td\u003E\n\u003Ctd style=\u0022width: 739.65px; height: 16px;\u0022\u003ERejestr zg\u0142osze\u0144 zdarze\u0144 korupcyjnych\u003C\/td\u003E\n\u003C\/tr\u003E\n\u003Ctr style=\u0022height: 16px;\u0022\u003E\n\u003Ctd style=\u0022width: 10px; height: 16px;\u0022\u003E17.\u003C\/td\u003E\n\u003Ctd style=\u0022width: 739.65px; height: 16px;\u0022\u003ERejestr ryzyk\u003C\/td\u003E\n\u003C\/tr\u003E\n\u003Ctr style=\u0022height: 16px;\u0022\u003E\n\u003Ctd style=\u0022width: 10px; height: 16px;\u0022\u003E18.\u003C\/td\u003E\n\u003Ctd style=\u0022width: 739.65px; height: 16px;\u0022\u003ERejestr interwencji\u003C\/td\u003E\n\u003C\/tr\u003E\n\u003Ctr style=\u0022height: 16px;\u0022\u003E\n\u003Ctd style=\u0022width: 10px; height: 16px;\u0022\u003E19.\u003C\/td\u003E\n\u003Ctd style=\u0022width: 739.65px; height: 16px;\u0022\u003ERejestr zaka\u017ce\u0144\u003C\/td\u003E\n\u003C\/tr\u003E\n\u003Ctr style=\u0022height: 16px;\u0022\u003E\n\u003Ctd style=\u0022width: 10px; height: 16px;\u0022\u003E20.\u003C\/td\u003E\n\u003Ctd style=\u0022width: 739.65px; height: 16px;\u0022\u003ERejestr ekspozycji zawodowej\u003C\/td\u003E\n\u003C\/tr\u003E\n\u003Ctr style=\u0022height: 16px;\u0022\u003E\n\u003Ctd style=\u0022width: 10px; height: 16px;\u0022\u003E21.\u003C\/td\u003E\n\u003Ctd style=\u0022width: 739.65px; height: 16px;\u0022\u003ERejestry kontroli\u003C\/td\u003E\n\u003C\/tr\u003E\n\u003Ctr style=\u0022height: 16px;\u0022\u003E\n\u003Ctd style=\u0022width: 10px; height: 16px;\u0022\u003E22.\u003C\/td\u003E\n\u003Ctd style=\u0022width: 739.65px; height: 16px;\u0022\u003ERejestr wypadk\u00f3w przy pracy\u003C\/td\u003E\n\u003C\/tr\u003E\n\u003Ctr style=\u0022height: 16px;\u0022\u003E\n\u003Ctd style=\u0022width: 10px; height: 16px;\u0022\u003E23.\u003C\/td\u003E\n\u003Ctd style=\u0022width: 739.65px; height: 16px;\u0022\u003ERejestr chor\u00f3b zawodowych oraz zg\u0142oszenia podejrzenia choroby zawodowej\u003C\/td\u003E\n\u003C\/tr\u003E\n\u003Ctr style=\u0022height: 16px;\u0022\u003E\n\u003Ctd style=\u0022width: 10px; height: 16px;\u0022\u003E24.\u003C\/td\u003E\n\u003Ctd style=\u0022width: 739.65px; height: 16px;\u0022\u003EWykaz zranie\u0144 ostrymi narz\u0119dziami przy udzielaniu \u015bwiadcze\u0144 zdrowotnych\u003C\/td\u003E\n\u003C\/tr\u003E\n\u003Ctr style=\u0022height: 66px;\u0022\u003E\n\u003Ctd style=\u0022width: 10px; height: 66px;\u0022\u003E25.\u003C\/td\u003E\n\u003Ctd style=\u0022width: 739.65px; height: 66px;\u0022\u003ERejestr prac, kt\u00f3rych wykonywanie powoduje konieczno\u015b\u0107 pozostawania w kontakcie z substancjami chemicznymi, ich mieszaninami, czynnikami lub procesami technologicznymi o dzia\u0142aniu rakotw\u00f3rczym, mutagennym lub reprotoksycznym.\u003C\/td\u003E\n\u003C\/tr\u003E\n\u003Ctr style=\u0022height: 16px;\u0022\u003E\n\u003Ctd style=\u0022width: 10px; height: 16px;\u0022\u003E26.\u003C\/td\u003E\n\u003Ctd style=\u0022width: 739.65px; height: 16px;\u0022\u003ERejestr szkole\u0144 wst\u0119pnych z zakresu BHP\u003C\/td\u003E\n\u003C\/tr\u003E\n\u003Ctr style=\u0022height: 16px;\u0022\u003E\n\u003Ctd style=\u0022width: 10px; height: 16px;\u0022\u003E27.\u003C\/td\u003E\n\u003Ctd style=\u0022width: 739.65px; height: 16px;\u0022\u003ERejestr szkole\u0144 okresowych z zakresu BHP\u003C\/td\u003E\n\u003C\/tr\u003E\n\u003Ctr style=\u0022height: 33px;\u0022\u003E\n\u003Ctd style=\u0022width: 10px; height: 33px;\u0022\u003E28.\u003C\/td\u003E\n\u003Ctd style=\u0022width: 739.65px; height: 33px;\u0022\u003ERejestr pracownik\u00f3w nara\u017conych na dzia\u0142anie szkodliwego czynnika biologicznego zakwalifikowanego do grupy 3 lub 4 zagro\u017cenia\u003C\/td\u003E\n\u003C\/tr\u003E\n\u003Ctr style=\u0022height: 16px;\u0022\u003E\n\u003Ctd style=\u0022width: 10px; height: 16px;\u0022\u003E29.\u003C\/td\u003E\n\u003Ctd style=\u0022width: 739.65px; height: 16px;\u0022\u003ERejestr pism wychodz\u0105cych i przychodz\u0105cych\u003C\/td\u003E\n\u003C\/tr\u003E\n\u003Ctr style=\u0022height: 16px;\u0022\u003E\n\u003Ctd style=\u0022width: 10px; height: 16px;\u0022\u003E30.\u003C\/td\u003E\n\u003Ctd style=\u0022width: 739.65px; height: 16px;\u0022\u003EEwidencja receptariuszy\u003C\/td\u003E\n\u003C\/tr\u003E\n\u003Ctr style=\u0022height: 16px;\u0022\u003E\n\u003Ctd style=\u0022width: 10px; height: 16px;\u0022\u003E31.\u003C\/td\u003E\n\u003Ctd style=\u0022width: 739.65px; height: 16px;\u0022\u003ERejestr skarg i wniosk\u00f3w\u003C\/td\u003E\n\u003C\/tr\u003E\n\u003Ctr style=\u0022height: 16px;\u0022\u003E\n\u003Ctd style=\u0022width: 10px; height: 16px;\u0022\u003E32.\u003C\/td\u003E\n\u003Ctd style=\u0022width: 739.65px; height: 16px;\u0022\u003ERejestr udzia\u0142u w obcych gremiach kolegialnych\u003C\/td\u003E\n\u003C\/tr\u003E\n\u003Ctr style=\u0022height: 16px;\u0022\u003E\n\u003Ctd style=\u0022width: 10px; height: 16px;\u0022\u003E33.\u003C\/td\u003E\n\u003Ctd style=\u0022width: 739.65px; height: 16px;\u0022\u003EWykaz zarz\u0105dze\u0144 wewn\u0119trznych Dyrektora\u003C\/td\u003E\n\u003C\/tr\u003E\n\u003Ctr style=\u0022height: 16px;\u0022\u003E\n\u003Ctd style=\u0022width: 10px; height: 16px;\u0022\u003E34.\u003C\/td\u003E\n\u003Ctd style=\u0022width: 739.65px; height: 16px;\u0022\u003ERejestr uchwa\u0142 Rady Spo\u0142ecznej\u003C\/td\u003E\n\u003C\/tr\u003E\n\u003Ctr style=\u0022height: 16px;\u0022\u003E\n\u003Ctd style=\u0022width: 10px; height: 16px;\u0022\u003E35.\u003C\/td\u003E\n\u003Ctd style=\u0022width: 739.65px; height: 16px;\u0022\u003EArchiwum zak\u0142adowe\u003C\/td\u003E\n\u003C\/tr\u003E\n\u003Ctr style=\u0022height: 16px;\u0022\u003E\n\u003Ctd style=\u0022width: 10px; height: 16px;\u0022\u003E36.\u003C\/td\u003E\n\u003Ctd style=\u0022width: 739.65px; height: 16px;\u0022\u003EEwidencja informacji o stanie ilo\u015bciowym pacjent\u00f3w internowanych\u003C\/td\u003E\n\u003C\/tr\u003E\n\u003Ctr style=\u0022height: 33px;\u0022\u003E\n\u003Ctd style=\u0022width: 10px; height: 33px;\u0022\u003E37.\u003C\/td\u003E\n\u003Ctd style=\u0022width: 739.65px; height: 33px;\u0022\u003EEwidencja pacjent\u00f3w przyj\u0119tych do WSN bez zgody na mocy ustawy o ochronie zdrowia psychicznego\u003C\/td\u003E\n\u003C\/tr\u003E\n\u003Ctr style=\u0022height: 16px;\u0022\u003E\n\u003Ctd style=\u0022width: 10px; height: 16px;\u0022\u003E38.\u003C\/td\u003E\n\u003Ctd style=\u0022width: 739.65px; height: 16px;\u0022\u003ERejestry zam\u00f3wie\u0144 publicznych\u003C\/td\u003E\n\u003C\/tr\u003E\n\u003Ctr style=\u0022height: 16px;\u0022\u003E\n\u003Ctd style=\u0022width: 10px; height: 16px;\u0022\u003E39.\u003C\/td\u003E\n\u003Ctd style=\u0022width: 739.65px; height: 16px;\u0022\u003ERejestr najmu i dzier\u017cawy\u003C\/td\u003E\n\u003C\/tr\u003E\n\u003Ctr style=\u0022height: 16px;\u0022\u003E\n\u003Ctd style=\u0022width: 10px; height: 16px;\u0022\u003E40.\u003C\/td\u003E\n\u003Ctd style=\u0022width: 739.65px; height: 16px;\u0022\u003ERejestr zastosowania przymusu bezpo\u015bredniego\u003C\/td\u003E\n\u003C\/tr\u003E\n\u003Ctr style=\u0022height: 16px;\u0022\u003E\n\u003Ctd style=\u0022width: 10px; height: 16px;\u0022\u003E41.\u003C\/td\u003E\n\u003Ctd style=\u0022width: 739.65px; height: 16px;\u0022\u003ERejestr zgon\u00f3w\u003C\/td\u003E\n\u003C\/tr\u003E\n\u003Ctr style=\u0022height: 16px;\u0022\u003E\n\u003Ctd style=\u0022width: 10px; height: 16px;\u0022\u003E42.\u003C\/td\u003E\n\u003Ctd style=\u0022width: 739.65px; height: 16px;\u0022\u003ERejestr piecz\u0105tek\u003C\/td\u003E\n\u003C\/tr\u003E\n\u003Ctr style=\u0022height: 16px;\u0022\u003E\n\u003Ctd style=\u0022width: 10px; height: 16px;\u0022\u003E43.\u003C\/td\u003E\n\u003Ctd style=\u0022width: 739.65px; height: 16px;\u0022\u003ERejestr budynk\u00f3w\u003C\/td\u003E\n\u003C\/tr\u003E\n\u003Ctr style=\u0022height: 16px;\u0022\u003E\n\u003Ctd style=\u0022width: 10px; height: 16px;\u0022\u003E44.\u003C\/td\u003E\n\u003Ctd style=\u0022width: 739.65px; height: 16px;\u0022\u003ERejestr grunt\u00f3w\u003C\/td\u003E\n\u003C\/tr\u003E\n\u003Ctr style=\u0022height: 14px;\u0022\u003E\n\u003Ctd style=\u0022width: 10px; height: 14px;\u0022\u003E45.\u003C\/td\u003E\n\u003Ctd style=\u0022width: 739.65px; height: 14px;\u0022\u003ERejestr urz\u0105dze\u0144 podlegaj\u0105cych badaniom UDT\u003C\/td\u003E\n\u003C\/tr\u003E\n\u003Ctr style=\u0022height: 16px;\u0022\u003E\n\u003Ctd style=\u0022width: 10px; height: 16px;\u0022\u003E46.\u003C\/td\u003E\n\u003Ctd style=\u0022width: 739.65px; height: 16px;\u0022\u003EZestawienie aparatury i sprz\u0119tu medycznego\u003C\/td\u003E\n\u003C\/tr\u003E\n\u003Ctr style=\u0022height: 16px;\u0022\u003E\n\u003Ctd style=\u0022width: 10px; height: 16px;\u0022\u003E47.\u003C\/td\u003E\n\u003Ctd style=\u0022width: 739.65px; height: 16px;\u0022\u003ERejestr zam\u00f3wie\u0144\u003C\/td\u003E\n\u003C\/tr\u003E\n\u003Ctr style=\u0022height: 16px;\u0022\u003E\n\u003Ctd style=\u0022width: 10px; height: 16px;\u0022\u003E48.\u003C\/td\u003E\n\u003Ctd style=\u0022width: 739.65px; height: 16px;\u0022\u003ERejestr wystawionych faktur VAT\u003C\/td\u003E\n\u003C\/tr\u003E\n\u003Ctr style=\u0022height: 16px;\u0022\u003E\n\u003Ctd style=\u0022width: 10px; height: 16px;\u0022\u003E49.\u003C\/td\u003E\n\u003Ctd style=\u0022width: 739.65px; height: 16px;\u0022\u003EKsi\u0119ga druk\u00f3w \u015bcis\u0142ego zarachowania\u003C\/td\u003E\n\u003C\/tr\u003E\n\u003Ctr style=\u0022height: 16px;\u0022\u003E\n\u003Ctd style=\u0022width: 10px; height: 16px;\u0022\u003E50.\u003C\/td\u003E\n\u003Ctd style=\u0022width: 739.65px; height: 16px;\u0022\u003EEwidencja warto\u015bci niematerialnych i prawnych\u003C\/td\u003E\n\u003C\/tr\u003E\n\u003Ctr style=\u0022height: 16px;\u0022\u003E\n\u003Ctd style=\u0022width: 10px; height: 16px;\u0022\u003E51.\u003C\/td\u003E\n\u003Ctd style=\u0022width: 739.65px; height: 16px;\u0022\u003ERejestr czynno\u015bci przetwarzania RCP\u003C\/td\u003E\n\u003C\/tr\u003E\n\u003Ctr style=\u0022height: 16px;\u0022\u003E\n\u003Ctd style=\u0022width: 10px; height: 16px;\u0022\u003E52.\u003C\/td\u003E\n\u003Ctd style=\u0022width: 739.65px; height: 16px;\u0022\u003ERejestr kategorii czynno\u015bci przetwarzania RKCP\u003C\/td\u003E\n\u003C\/tr\u003E\n\u003Ctr style=\u0022height: 16px;\u0022\u003E\n\u003Ctd style=\u0022width: 10px; height: 16px;\u0022\u003E53.\u003C\/td\u003E\n\u003Ctd style=\u0022width: 739.65px; height: 16px;\u0022\u003ERejestr narusze\u0144 ochrony danych osobowych\u003C\/td\u003E\n\u003C\/tr\u003E\n\u003Ctr style=\u0022height: 16px;\u0022\u003E\n\u003Ctd style=\u0022width: 10px; height: 16px;\u0022\u003E54.\u003C\/td\u003E\n\u003Ctd style=\u0022width: 739.65px; height: 16px;\u0022\u003ERejestr incydent\u00f3w ochrony danych osobowych\u003C\/td\u003E\n\u003C\/tr\u003E\n\u003Ctr style=\u0022height: 14px;\u0022\u003E\n\u003Ctd style=\u0022width: 10px; height: 14px;\u0022\u003E55.\u003C\/td\u003E\n\u003Ctd style=\u0022width: 739.65px; height: 14px;\u0022\u003EEwidencja um\u00f3w powierzenia przetwarzania\u003C\/td\u003E\n\u003C\/tr\u003E\n\u003Ctr style=\u0022height: 14px;\u0022\u003E\n\u003Ctd style=\u0022width: 10px; height: 14px;\u0022\u003E56.\u003C\/td\u003E\n\u003Ctd style=\u0022width: 739.65px; height: 14px;\u0022\u003ERejestr zg\u0142osze\u0144 praw os\u00f3b, kt\u00f3rych dane dotycz\u0105\u003C\/td\u003E\n\u003C\/tr\u003E\n\u003C\/tbody\u003E\n\u003C\/table\u003E","promotion":false}},{"id":"93bd42ce-7312-11e9-90c1-000c290e6fc2","type":"Gallery","name":"Galeria","description":"Galeria"},{"id":"93bd956b-7312-11e9-90c1-000c290e6fc2","type":"Attachment","name":"Za\u0142\u0105czniki","description":"Za\u0142\u0105czniki do strony"},{"id":"d63e71ef-92cf-11f0-b976-00505697ccff","type":"PageThumbnail","name":"","description":"Miniaturka strony","content":[]}]}