{"id":13,"name":"kierownictwo","title":"Kierownictwo","desc":"","header":"Kierownictwo","lead":"","keywords":"","changes":"liter\u00f3wka w imieniu","menu":"Kierownictwo","path":"\/kierownictwo.html","url":"\/kierownictwo.html","infoOwner":"Jednostka 3","dateFirstPublicate":"2021-08-12 09:37:32","dateLastVersionPublicate":"2026-01-23 10:35:30","dateAvailableFrom":"2025-07-17 08:36:57","dateAvailableTo":"","type":"jednostki_Zwyk\u0142a","pageParams":[],"components":[{"id":"93bb94fe-7312-11e9-90c1-000c290e6fc2","type":"SectionDescription","name":"","description":"Zajawka sekcji","content":[]},{"id":"93bbe8e3-7312-11e9-90c1-000c290e6fc2","type":"PageTitle","name":"Tytu\u0142 strony","description":"Tytu\u0142 strony","content":{"title":"Kierownictwo"}},{"id":"93bc435c-7312-11e9-90c1-000c290e6fc2","type":"PageDescription","name":"","description":"Zajawka strony","content":[]},{"id":"93bcef8e-7312-11e9-90c1-000c290e6fc2","type":"ContentWYSIWYG","name":"Tre\u015b\u0107","description":"Tre\u015b\u0107 strony","content":{"content":"\u003Cdiv\u003E\u003Cstrong\u003EDyrektor Szpitala\u003C\/strong\u003E\u00a0\u003C\/div\u003E\n\u003Cdiv\u003Emgr Beata Musialik\u003C\/div\u003E\n\u003Cp\u003E\u00a0\u003C\/p\u003E\n\u003Cdiv\u003E\u003Cstrong\u003EZ-ca Dyrektora ds. Lecznictwa\u003C\/strong\u003E\u003C\/div\u003E\n\u003Cdiv\u003Elek. Patrycja Jakubczak\u003C\/div\u003E\n\u003Cp\u003E\u00a0\u003C\/p\u003E\n\u003Cdiv\u003E\u003Cstrong\u003EZ-ca Dyrektora ds. Administracyjno-Technicznych \u00a0\u00a0\u003C\/strong\u003E\u003C\/div\u003E\n\u003Cdiv\u003Emgr Miros\u0142awa Rutkowska\u003C\/div\u003E\n\u003Cp\u003E\u00a0\u003C\/p\u003E\n\u003Cdiv\u003E\u003Cstrong\u003EG\u0142\u00f3wna Ksi\u0119gowa \u00a0\u003C\/strong\u003E\u00a0\u00a0\u00a0\u003C\/div\u003E\n\u003Cdiv\u003Emgr Karina Kraska\u003C\/div\u003E\n\u003Cp\u003E\u00a0\u003C\/p\u003E\n\u003Cdiv\u003E\u003Cstrong\u003ENaczelna Piel\u0119gniarka \u00a0\u00a0\u003C\/strong\u003E\u00a0\u00a0\u00a0\u00a0\u00a0\u00a0\u00a0\u00a0\u003C\/div\u003E\n\u003Cdiv\u003Emgr Katarzyna Szykowna\u003C\/div\u003E\n\u003Cp\u003E\u00a0\u003C\/p\u003E\n\u003Ch3\u003E\u003Cstrong\u003ESk\u0142ad Rady Spo\u0142ecznej:\u003C\/strong\u003E\u003C\/h3\u003E\n\u003Cdiv\u003E\n\u003Cp\u003E\u003Cstrong\u003EPrzewodnicz\u0105cy Rady:\u003C\/strong\u003E\u003C\/p\u003E\n\u003Cul\u003E\n\u003Cli\u003EDariusz Jadczyk\u003C\/li\u003E\n\u003C\/ul\u003E\n\u003Cp\u003E\u003Cstrong\u003EPrzedstawiciel Wojewody:\u003C\/strong\u003E\u003C\/p\u003E\n\u003Cul\u003E\n\u003Cli\u003EWojciech Pieczyrak\u003C\/li\u003E\n\u003C\/ul\u003E\n\u003Cp\u003E\u003Cstrong\u003EPrzedstawiciele Sejmiku:\u003C\/strong\u003E\u003C\/p\u003E\n\u003Cul\u003E\n\u003Cli\u003EJan Borzymowski\u003C\/li\u003E\n\u003Cli\u003EDariusz Ploska\u003C\/li\u003E\n\u003Cli\u003EPrzemys\u0142aw Witek\u003C\/li\u003E\n\u003Cli\u003EMariusz Ogo\u0144czyk\u003C\/li\u003E\n\u003Cli\u003EJaros\u0142aw Pojda\u003C\/li\u003E\n\u003Cli\u003EJerzy Orszulak\u003C\/li\u003E\n\u003Cli\u003EJ\u00f3zef Kubica\u003C\/li\u003E\n\u003C\/ul\u003E\n\u003C\/div\u003E","promotion":false}},{"id":"93bd42ce-7312-11e9-90c1-000c290e6fc2","type":"Gallery","name":"Galeria","description":"Galeria"},{"id":"93bd956b-7312-11e9-90c1-000c290e6fc2","type":"Attachment","name":"Za\u0142\u0105czniki","description":"Za\u0142\u0105czniki do strony"},{"id":"d63e71ef-92cf-11f0-b976-00505697ccff","type":"PageThumbnail","name":"","description":"Miniaturka strony","content":[]}]}