{"id":23,"name":"jezyk-migowy","title":"J\u0119zyk migowy","desc":"","header":"J\u0119zyk migowy","lead":"","keywords":"","changes":"Aktualizacja danych","menu":"J\u0119zyk migowy","path":"\/jezyk-migowy.html","url":"\/jezyk-migowy.html","infoOwner":"Wojew\u00f3dzki Szpital Neuropsychiatryczny im. dr. Emila Cyrana z siedzib\u0105 w Lubli\u0144cu","dateFirstPublicate":"2021-08-16 07:15:56","dateLastVersionPublicate":"2025-05-30 12:25:43","dateAvailableFrom":"2021-08-16 07:15:38","dateAvailableTo":"","type":"jednostki_Zwyk\u0142a","pageParams":[],"components":[{"id":"93bb94fe-7312-11e9-90c1-000c290e6fc2","type":"SectionDescription","name":"","description":"Zajawka sekcji","content":[]},{"id":"93bbe8e3-7312-11e9-90c1-000c290e6fc2","type":"PageTitle","name":"Tytu\u0142 strony","description":"Tytu\u0142 strony","content":{"title":"J\u0119zyk migowy"}},{"id":"93bc435c-7312-11e9-90c1-000c290e6fc2","type":"PageDescription","name":"","description":"Zajawka strony","content":[]},{"id":"93bcef8e-7312-11e9-90c1-000c290e6fc2","type":"ContentWYSIWYG","name":"Tre\u015b\u0107","description":"Tre\u015b\u0107 strony","content":{"content":"\u003Cp\u003E\u003Cstrong\u003E\u003Cspan\u003EINFORMACJA DLA OS\u00d3B NIES\u0141YSZ\u0104CYCH\u003C\/span\u003E\u003C\/strong\u003E\u003C\/p\u003E\n\u003Cp\u003E\u003Cspan\u003ENa mocy ustawy z dnia 19 sierpnia 2011r. o j\u0119zyku migowym i innych \u015brodkach komunikowania si\u0119 (t.j. Dz. U. z 2023 r., poz. 20 z p\u00f3\u017aniejszymi zmianami) osoba do\u015bwiadczaj\u0105ca trwale lub okresowo trudno\u015bci w komunikowaniu si\u0119 zwana dalej \u201eosob\u0105 uprawnion\u0105\u201d ma prawo do:\u003C\/span\u003E\u003C\/p\u003E\n\u003Cp\u003E\u003Cspan\u003E\u003Cstrong\u003EZa\u0142atwienia sprawy przy pomocy osoby przybranej\u003C\/strong\u003E\u003C\/span\u003E\u003C\/p\u003E\n\u003Cp\u003E\u003Cspan\u003EZgodnie z zapisami ustawy o j\u0119zyku migowym i innych \u015brodkach komunikowania si\u0119 istnieje mo\u017cliwo\u015b\u0107 reprezentowania osoby uprawnionej przez osob\u0119 przybran\u0105. Mo\u017ce ni\u0105 by\u0107 ka\u017cda osoba fizyczna, kt\u00f3ra uko\u0144czy\u0142a 16 rok \u017cycia i zosta\u0142a wybrana przez osob\u0119 uprawnion\u0105. Zadaniem osoby przybranej ma by\u0107 pomoc w za\u0142atwieniu spraw w organach administracji publicznej. Osoba przybrana nie jest zobowi\u0105zana do przedstawienia dokument\u00f3w potwierdzaj\u0105cych znajomo\u015b\u0107 PJM (polski j\u0119zyk migowy), SJM (system j\u0119zykowo-migowy) ani SKOGN (spos\u00f3b komunikowania si\u0119 os\u00f3b g\u0142uchoniewidomych). Z pomocy osoby przybranej osoba uprawniona nie mo\u017ce skorzysta\u0107 wy\u0142\u0105cznie w sytuacji, gdy wnioskowane dane s\u0105 prawnie chronione ze wzgl\u0119du na ochron\u0119 informacji niejawnych, a dost\u0119p do nich przys\u0142uguje wy\u0142\u0105cznie osobie uprawnionej.\u003C\/span\u003E\u003C\/p\u003E\n\u003Cp\u003E\u003Cspan\u003EPonadto Szpital umo\u017cliwia dost\u0119p do \u015brodk\u00f3w wspieraj\u0105cych komunikowanie si\u0119 (kontakt poprzez korzystanie z poczty elektronicznej oraz przesy\u0142anie faks\u00f3w) oraz zapewnia mo\u017cliwo\u015b\u0107 korzystania z pomocy wybranego t\u0142umacza j\u0119zyka migowego lub t\u0142umacza-przewodnika.\u003C\/span\u003E\u003C\/p\u003E\n\u003Cp\u003E\u003Cspan\u003ESzpital Wojew\u00f3dzki zapewnia r\u00f3wnie\u017c bezp\u0142atny dost\u0119p do \u015bwiadczenia us\u0142ug t\u0142umacza j\u0119zyka migowego. Osoba uprawniona jest zobowi\u0105zana zg\u0142osi\u0107 ch\u0119\u0107 skorzystania ze \u015bwiadczenia us\u0142ug t\u0142umacza j\u0119zyka migowego ze wskazaniem wybranej metody komunikowania si\u0119 (PJM, SJM, SKOGN), do tut. Szpitala, co najmniej na 3 dni robocze przed tym zdarzeniem, z wy\u0142\u0105czeniem sytuacji nag\u0142ych.\u003C\/span\u003E\u003C\/p\u003E\n\u003Cp\u003E\u003Cspan\u003EZg\u0142oszenie to mo\u017ce by\u0107 dokonane w nast\u0119puj\u0105cej formie:\u003C\/span\u003E\u003Cbr \/\u003E\u003Cspan\u003E\u2022 e-mail: sekretariat@wsnlc.pl\u003C\/span\u003E\u003Cbr \/\u003E\u003Cspan\u003E\u2022 fax: 34 \/ 353 28 01\u003C\/span\u003E\u003Cbr \/\u003E\u003Cspan\u003E\u2022 (korzystaj\u0105c z pomocy osoby przybranej): 34\/ 353 28 00\u003C\/span\u003E\u003Cbr \/\u003E\u003Cspan\u003E\u2022 Sekretariacie (pok. 13) w Wojew\u00f3dzkim Szpitalu Neuropsychiatrycznym im. dr Emila Cyrana ul. Grunwaldzka 48, 42-700 Lubliniec.\u003C\/span\u003E\u003Cbr \/\u003E\u003Cspan\u003EFormularz zg\u0142oszenia dost\u0119pny jest w Sekretariacie pok. 13 oraz na stronie internetowej\u003C\/span\u003E \u003Ca href=\u0022http:\/\/www.wsnlc.pl\u0022\u003Ewww.wsnlc.pl\u003C\/a\u003E \u003Cspan\u003Ew zak\u0142adce \u201eInformacja dla Os\u00f3b Niepe\u0142nosprawnych\u201d.\u003C\/span\u003E\u003C\/p\u003E\n\u003Cp\u003E\u00a0\u003C\/p\u003E","promotion":false}},{"id":"93bd42ce-7312-11e9-90c1-000c290e6fc2","type":"Gallery","name":"Galeria","description":"Galeria"},{"id":"93bd956b-7312-11e9-90c1-000c290e6fc2","type":"Attachment","name":"Za\u0142\u0105czniki","description":"Za\u0142\u0105czniki do strony","content":[{"src":"\/resource\/31\/Wniosek+o+bezp%25C5%2582atne+%25C5%259Bwiadczenie+us%25C5%2582ug+t%25C5%2582umacza+migowego..pdf","extension":"PDF","name":"79c2f69bd7388e0fc47cf8ed0ebc8eac.pdf","size":"261.41 KB"}]},{"id":"d63e71ef-92cf-11f0-b976-00505697ccff","type":"PageThumbnail","name":"","description":"Miniaturka strony","content":[]}]}