{"id":24,"name":"dla-niepelnosprawnych","title":"Dla niepe\u0142nosprawnych","desc":"","header":"Dla niepe\u0142nosprawnych","lead":"Dla niepe\u0142nosprawnych","keywords":"","changes":"Formatowanie czcionki","menu":"Dla niepe\u0142nosprawnych","path":"\/dla-niepelnosprawnych.html","url":"\/dla-niepelnosprawnych.html","infoOwner":"Wojew\u00f3dzki Szpital Neuropsychiatryczny im. dr. Emila Cyrana z siedzib\u0105 w Lubli\u0144cu","dateFirstPublicate":"2021-08-16 07:16:56","dateLastVersionPublicate":"2025-05-29 12:59:30","dateAvailableFrom":"2021-08-16 07:16:39","dateAvailableTo":"","type":"jednostki_Zwyk\u0142a","pageParams":[],"components":[{"id":"93bb94fe-7312-11e9-90c1-000c290e6fc2","type":"SectionDescription","name":"","description":"Zajawka sekcji","content":[]},{"id":"93bbe8e3-7312-11e9-90c1-000c290e6fc2","type":"PageTitle","name":"Tytu\u0142 strony","description":"Tytu\u0142 strony","content":{"title":"Dla niepe\u0142nosprawnych"}},{"id":"93bc435c-7312-11e9-90c1-000c290e6fc2","type":"PageDescription","name":"","description":"Zajawka strony","content":{"desc":"Dla niepe\u0142nosprawnych"}},{"id":"93bcef8e-7312-11e9-90c1-000c290e6fc2","type":"ContentWYSIWYG","name":"Tre\u015b\u0107","description":"Tre\u015b\u0107 strony","content":{"content":"\u003Cp\u003E\u003Cstrong\u003EPROCEDURA SK\u0141ADANIA WNIOSK\u00d3W O ZAPEWNIENIE DOST\u0118PNO\u015aCI\u003C\/strong\u003E\u003C\/p\u003E\n\u003Cp\u003E\u003Cstrong\u003E\u00a0I. \u003C\/strong\u003E\u003Cstrong\u003E\u003C\/strong\u003E\u003Cstrong\u003EDOST\u0118PNO\u015a\u0106 ARCHITEKTONICZNA LUB INFORMACYJNO-KOMUNIKACYJNA\u003C\/strong\u003E\u003C\/p\u003E\n\u003Cp\u003EZgodnie z art. 30 ustawy z dnia 19 lipca 2019 roku o zapewnianiu dost\u0119pno\u015bci osobom ze\u00a0szczeg\u00f3lnymi potrzebami (t.j. Dz.U. z 2024 r., poz. 1411) okre\u015blanej dalej r\u00f3wnie\u017c jako ustawa o zapewnieniu dost\u0119pno\u015bci osobom ze szczeg\u00f3lnymi potrzebami, osoba ze\u00a0szczeg\u00f3lnymi potrzebami lub jej przedstawiciel ustawowy, po wykazaniu interesu faktycznego, ma prawo wyst\u0105pi\u0107 z wnioskiem o zapewnienie dost\u0119pno\u015bci architektonicznej lub informacyjno-komunikacyjnej.\u003C\/p\u003E\n\u003Cp\u003E\u003Cstrong\u003EWNIOSEK O ZAPEWNIENIE DOST\u0118PNO\u015aCI ARCHITEKTONICZNEJ LUB INFORMACYJNO-KOMUNIKACYJNEJ ZAWIERA:\u003C\/strong\u003E\u003C\/p\u003E\n\u003Cul style=\u0022list-style-type: disc;\u0022\u003E\n\u003Cli\u003Edane kontaktowe wnioskodawcy\u003C\/li\u003E\n\u003Cli\u003Ewskazanie bariery utrudniaj\u0105cej lub uniemo\u017cliwiaj\u0105cej dost\u0119pno\u015b\u0107 w zakresie architektonicznym lub informacyjno-komunikacyjnym\u003C\/li\u003E\n\u003Cli\u003Ewskazanie sposobu kontaktu z wnioskodawc\u0105\u003C\/li\u003E\n\u003Cli\u003Ewskazanie preferowanego sposobu zapewnienia dost\u0119pno\u015bci, je\u017celi dotyczy\u003C\/li\u003E\n\u003C\/ul\u003E\n\u003Cp\u003E\u003Cstrong\u003ETERMIN ROZPOZNANIA WNIOSKU\u003C\/strong\u003E\u003C\/p\u003E\n\u003Cp\u003EWniosek realizowany jest niezw\u0142ocznie, nie p\u00f3\u017aniej ni\u017c w ci\u0105gu 14 dni od dnia jego z\u0142o\u017cenia. Je\u017celi dotrzymanie tego terminu nie jest mo\u017cliwe, wnioskodawca zostanie poinformowany o\u00a0powodach op\u00f3\u017anienia i terminie udzielenia odpowiedzi, nie d\u0142u\u017cszym ni\u017c 2 miesi\u0105ce od dnia z\u0142o\u017cenia wniosku lub o braku mo\u017cliwo\u015bci jego realizacji ze wskazaniem mo\u017cliwego dost\u0119pu alternatywnego.\u003C\/p\u003E\n\u003Cp\u003EW przypadkach uzasadnionych wyj\u0105tkowymi okoliczno\u015bciami, gdy zapewnienie dost\u0119pno\u015bci w zakresie okre\u015blonym we wniosku o zapewnienie dost\u0119pno\u015bci jest niemo\u017cliwe lub znacznie utrudnione, w szczeg\u00f3lno\u015bci ze wzgl\u0119d\u00f3w technicznych lub prawnych, Szpital niezw\u0142ocznie zawiadamia wnioskodawc\u0119 o braku mo\u017cliwo\u015bci zapewnienia dost\u0119pno\u015bci i zapewnia dost\u0119p alternatywny.\u003C\/p\u003E\n\u003Cp\u003E\u003Cstrong\u003ETRYB ODWO\u0141AWCZY\u003C\/strong\u003E\u003C\/p\u003E\n\u003Cp\u003EW przypadku dotycz\u0105cym wniosku o zapewnienie dost\u0119pno\u015bci architektonicznej lub informacyjno-komunikacyjnej, gdy wnioskodawcy nie zosta\u0142a zapewniona dost\u0119pno\u015b\u0107, wnioskodawca ma prawo z\u0142o\u017cenia skargi na brak dost\u0119pno\u015bci. Skarg\u0119 wnosi si\u0119 do Prezesa Zarz\u0105du PFRON, w terminie 30 dni, liczonym zgodnie z przepisem art. 32 ust. 2 ustawy o\u00a0zapewnieniu dost\u0119pno\u015bci osobom ze szczeg\u00f3lnymi potrzebami.\u003C\/p\u003E\n\u003Cp\u003EW post\u0119powaniu w przedmiocie wniosku o zapewnienie dost\u0119pno\u015bci architektonicznej lub informacyjno-komunikacyjnej nie stosuje si\u0119 przepis\u00f3w ustawy z dnia 14 czerwca 1960 r. - kodeks post\u0119powania administracyjnego (t.j. Dz. U. z 2024 r., poz. 572), okre\u015blanej dalej r\u00f3wnie\u017c jako kodeks post\u0119powania administracyjnego, z wyj\u0105tkiem przepis\u00f3w dotycz\u0105cych wy\u0142\u0105czenia pracownik\u00f3w organu, dor\u0119cze\u0144, sposobu obliczania termin\u00f3w, uzupe\u0142niania brak\u00f3w formalnych i przekazywania wniosku zgodnie z w\u0142a\u015bciwo\u015bci\u0105.\u003C\/p\u003E\n\u003Cp\u003E\u003Cstrong\u003E\u00a0II. DOST\u0118PNO\u015a\u0106 CYFROWA\u003C\/strong\u003E\u003C\/p\u003E\n\u003Cp\u003EZgodnie Ustaw\u0105 z dnia 4 kwietnia 2019 r. o dost\u0119pno\u015bci cyfrowej stron internetowych i\u00a0aplikacji mobilnych podmiot\u00f3w publicznych (t.j. Dz.U. z 2023 r. poz. 1440), ka\u017cdy ma prawo wyst\u0105pi\u0107 do Wojew\u00f3dzkiego Szpitala Neuropsychiatrycznego im. dr. Emila Cyrana w Lubli\u0144cu z \u017c\u0105daniem zapewnienia dost\u0119pno\u015bci cyfrowej wskazanej strony internetowej, aplikacji mobilnej lub elementu strony internetowej, albo o jego udost\u0119pnienie za pomoc\u0105 alternatywnego sposobu dost\u0119pu.\u003C\/p\u003E\n\u003Cp\u003E\u003Cstrong\u003EWNIOSEK O ZAPEWNIENIE DOST\u0118PNO\u015aCI CYFROWEJ ZAWIERA:\u003C\/strong\u003E\u003C\/p\u003E\n\u003Cul\u003E\n\u003Cli\u003Edane kontaktowe osoby wyst\u0119puj\u0105cej z \u017c\u0105daniem\u003C\/li\u003E\n\u003Cli\u003Ewskazanie strony internetowej, aplikacji mobilnej lub elementu strony internetowej, kt\u00f3re maj\u0105 by\u0107 dost\u0119pne cyfrowo\u003C\/li\u003E\n\u003Cli\u003Ewskazanie sposobu kontaktu z osob\u0105 wyst\u0119puj\u0105c\u0105 z \u017c\u0105daniem\u003C\/li\u003E\n\u003Cli\u003Ewskazanie alternatywnego sposobu dost\u0119pu, je\u015bli dotyczy\u003C\/li\u003E\n\u003C\/ul\u003E\n\u003Cp\u003E\u003Cstrong\u003ETERMIN ROZPOZNANIA WNIOSKU\u003C\/strong\u003E\u003C\/p\u003E\n\u003Cdiv\u003ESzpital realizuje \u017c\u0105danie zapewnienia dost\u0119pno\u015bci strony internetowej, aplikacji mobilnej lub\u00a0elementu strony internetowej bez zb\u0119dnej zw\u0142oki, jednak nie p\u00f3\u017aniej ni\u017c w terminie 7 dni od\u00a0dnia wyst\u0105pienia z \u017c\u0105daniem. Je\u015bli zapewnienie dost\u0119pno\u015bci cyfrowej nie mo\u017ce nast\u0105pi\u0107 w\u00a0wy\u017cej wymienionym terminie, Szpital powiadamia osob\u0119 wyst\u0119puj\u0105c\u0105 z \u017c\u0105daniem o\u00a0przyczynach op\u00f3\u017anienia oraz terminie w jakim zapewni dost\u0119pno\u015b\u0107, jednak termin nie\u00a0mo\u017ce by\u0107 d\u0142u\u017cszy ni\u017c 2 miesi\u0105ce od dnia wyst\u0105pienia z \u017c\u0105daniem.\u003C\/div\u003E\n\u003Cp\u003ESzpital odmawia zapewnienia dost\u0119pno\u015bci cyfrowej, je\u015bli wi\u0105za\u0142oby si\u0119 to z ryzykiem naruszeniem integralno\u015bci lub wiarygodno\u015bci przekazywanych informacji. W przypadku braku mo\u017cliwo\u015bci zapewniania dost\u0119pno\u015bci, Szpital powiadamia osob\u0119 wyst\u0119puj\u0105c\u0105 z \u017c\u0105daniem o\u00a0przyczynach zaistnia\u0142ej sytuacji i wskazuje alternatywny spos\u00f3b dost\u0119pu do tego elementu.\u003C\/p\u003E\n\u003Cp\u003E\u003Cstrong\u003ETRYB ODWO\u0141AWCZY\u003C\/strong\u003E\u003C\/p\u003E\n\u003Cp\u003EW przypadku odmowy zapewnienia dost\u0119pno\u015bci cyfrowej wskazanej w \u017c\u0105daniu, albo w\u00a0przypadku odmowy skorzystania z alternatywnego sposobu dost\u0119pu przez osob\u0119 wyst\u0119puj\u0105c\u0105 z \u017c\u0105daniem, osoba ta ma prawo z\u0142o\u017cy\u0107 do podmiotu publicznego skarg\u0119. Do\u00a0rozpatrywania skargi w sprawach zapewnienia dost\u0119pno\u015bci cyfrowej stosuje si\u0119 przepisy dzia\u0142u VIII kodeksu post\u0119powania administracyjnego.\u003C\/p\u003E\n\u003Cp\u003EMo\u017cna r\u00f3wnie\u017c skontaktowa\u0107 si\u0119 z Biurem Rzecznika Praw Obywatelskich.\u003C\/p\u003E\n\u003Cp\u003ELink do \u003Ca href=\u0022https:\/\/bip.brpo.gov.pl\/pl\/content\/zlozenie-wniosku-do-rzecznika-praw-obywatelskich\u0022\u003Estrony internetowej Rzecznika Praw Obywatelskich\u003C\/a\u003E\u003C\/p\u003E\n\u003Cdiv style=\u0022text-align: left;\u0022\u003E\u003Cstrong\u003E\u00a0III. \u003C\/strong\u003E\u003Cstrong\u003EWNIOSEK O ZAPEWNIENIE DOST\u0118PNO\u015aCI ARCHITEKTONICZNEJ, INFORMACYJNO-KOMUNIKACYJNEJ \u003C\/strong\u003E\u003C\/div\u003E\n\u003Cp\u003E\u003Cstrong\u003E\u00a0\u00a0\u00a0\u00a0\u00a0\u00a0\u00a0 I\/LUB CYFROWEJ MO\u017bNA Z\u0141O\u017bY\u0106:\u003C\/strong\u003E\u003C\/p\u003E\n\u003Cul\u003E\n\u003Cli style=\u0022text-align: left;\u0022\u003E\n\u003Cdiv\u003Ekorespondencj\u0105 pocztow\u0105 na adres:\u003C\/div\u003E\n\u003Cdiv\u003E\u003Cstrong\u003E\u003C\/strong\u003E\u003Cstrong\u003EWojew\u00f3dzki Szpital Neuropsychiatryczny im. dr. Emila Cyrana\u003C\/strong\u003E\u003C\/div\u003E\n\u003Cdiv\u003E\u003Cstrong\u003EGrunwaldzka 48\u003C\/strong\u003E\u003C\/div\u003E\n\u003Cdiv\u003E\u003Cstrong\u003E42-700 Lubliniec\u003C\/strong\u003E\u003Cstrong\u003E\u003C\/strong\u003E\u003Cstrong\u003E\u003C\/strong\u003E\u003Cstrong\u003E\u003C\/strong\u003E\u003C\/div\u003E\n\u003Cstrong\u003E\u003C\/strong\u003E\u003C\/li\u003E\n\u003Cli\u003E\n\u003Cdiv\u003Eosobi\u015bcie w Kancelarii Og\u00f3lnej Szpitala (jeste\u015bmy do Pa\u0144stwa dyspozycji od poniedzia\u0142ku do\u00a0pi\u0105tku w godzinach od 7:35 do 15:00)\u003C\/div\u003E\n\u003C\/li\u003E\n\u003Cli\u003Ekorespondencj\u0105 elektroniczn\u0105 na adres e-mail: \u003Ca href=\u0022mailto:sekretariat@wsnlc.pl\u0022\u003E\u003Cstrong\u003Esekretariat@wsnlc.pl\u003C\/strong\u003E\u003C\/a\u003E\u003C\/li\u003E\n\u003Cli\u003Epoprzez platform\u0119 e-PUAP: \u003Cstrong\u003E\/WSN_Lubliniec\/SkrytkaESP\u003C\/strong\u003E\u003C\/li\u003E\n\u003Cli\u003Epoprzez e-Dor\u0119czenia: \u003Cstrong\u003EAE:PL-26306-75195-CJHIW-13\u003C\/strong\u003E\u003C\/li\u003E\n\u003C\/ul\u003E\n\u003Cp\u003E\u003Cstrong\u003EKLAUZULA INFORMACYJNA\u003C\/strong\u003E\u003C\/p\u003E\n\u003Cp\u003ESzanowni Pa\u0144stwo, zgodnie z art. 13 ust. 1 i 2 Rozporz\u0105dzenia Parlamentu Europejskiego i\u00a0Rady (UE) 2016\/679 w sprawie ochrony os\u00f3b fizycznych w zwi\u0105zku z przetwarzaniem danych osobowych i w sprawie swobodnego przep\u0142ywu takich danych oraz uchylenia dyrektywy 95\/46\/WE (og\u00f3lne rozporz\u0105dzenie o ochronie danych) (Dz. Urz. UE z 2016 Nr 119 poz. 1), dalej \u201eRODO\u201d, \u00a0informujemy, \u017ce:\u003C\/p\u003E\n\u003Col\u003E\n\u003Cli\u003EAdministratorem Pa\u0144stwa danych osobowych jest Wojew\u00f3dzki Szpital Neuropsychiatryczny im. dr. Emila Cyrana w Lubli\u0144cu zwany dalej: \u201eAdministratorem\u0022, ul.\u00a0Grunwaldzka 48, 42-700 Lubliniec, nr: 34 353 28 11.\u003C\/li\u003E\n\u003Cli\u003EKontakt z Inspektorem Ochrony danych mo\u017cliwy jest pod adresem: \u003Ca href=\u0022mailto:ido@wsnlc.pl\u0022\u003Eido@wsnlc.pl\u003C\/a\u003E,\u003C\/li\u003E\n\u003Cli\u003EDane przetwarzane b\u0119d\u0105 w celu rozpatrzenia i realizacji wniosku o zapewnienie dost\u0119pno\u015bci.\u003C\/li\u003E\n\u003Cli\u003EPa\u0144stwa dane przetwarzane s\u0105 na podstawie art. 6 ust. 1 lit. c RODO na podstawie Ustawy z dnia 19 lipca 2019 r. o zapewnianiu dost\u0119pno\u015bci osobom ze szczeg\u00f3lnymi potrzebami. Dane mog\u0105 by\u0107 r\u00f3wnie\u017c przetwarzane na podstawie zgody art. 6 ust. 1 lit. a RODO.\u003C\/li\u003E\n\u003Cli\u003EPodanie danych osobowych jest dobrowolne ale niezb\u0119dne do rozpatrzenia wniosku.\u003C\/li\u003E\n\u003Cli\u003ENie udost\u0119pniamy Pa\u0144stwa danych innym odbiorcom opr\u00f3cz podmiot\u00f3w upowa\u017cnionych na podstawie przepis\u00f3w prawa, upowa\u017cnionym pracownikom, podmiotom przetwarzaj\u0105cym na podstawie umowy powierzenia.\u003C\/li\u003E\n\u003Cli\u003EPa\u0144stwa dane b\u0119d\u0105 przechowywane nie d\u0142u\u017cej ni\u017c jest to konieczne, tj. przez okres przewidziany w\u0142a\u015bciwym przepisem prawa.\u003C\/li\u003E\n\u003Cli\u003EPosiadaj\u0105 Pa\u0144stwo prawo do \u017c\u0105dania dost\u0119pu do tre\u015bci swoich danych oraz prawo ich sprostowania, usuni\u0119cia, ograniczenia przetwarzania, prawo do przenoszenia danych, prawo wniesienia sprzeciwu, prawo do cofni\u0119cia zgody w dowolnym momencie bez wp\u0142ywu na zgodno\u015b\u0107 z prawem przetwarzania, (je\u017celi przetwarzanie odbywa si\u0119 na\u00a0podstawie zgody), kt\u00f3rego dokonano na podstawie zgody przed jej cofni\u0119ciem.\u003C\/li\u003E\n\u003Cli\u003EMaj\u0105 Pa\u0144stwo prawo wniesienia skargi do Prezesa Urz\u0119du Ochrony Danych Osobowych, na adres: ul. Stawki 2, 00-193 Warszawa, gdy uznaj\u0105 Pa\u0144stwo, i\u017c przetwarzanie Pa\u0144stwa danych osobowych narusza przepisy og\u00f3lnego rozporz\u0105dzenia o ochronie danych z dnia 27 kwietnia 2016 r.\u003C\/li\u003E\n\u003Cli\u003EPa\u0144stwa dane osobowe nie b\u0119d\u0105 podlega\u0107 zautomatyzowanemu podejmowaniu decyzji, w\u00a0tym profilowaniu.\u003C\/li\u003E\n\u003Cli\u003EPa\u0144stwa dane osobowe nie b\u0119d\u0105 przekazywane do pa\u0144stwa trzeciego\/organizacji mi\u0119dzynarodowej.\u003C\/li\u003E\n\u003C\/ol\u003E\n\u003Cp\u003E\u003Cspan\u003E\u003C\/span\u003E\u003C\/p\u003E\n\u003Cp\u003E\u00a0\u003C\/p\u003E","promotion":false}},{"id":"93bd42ce-7312-11e9-90c1-000c290e6fc2","type":"Gallery","name":"Galeria","description":"Galeria"},{"id":"93bd956b-7312-11e9-90c1-000c290e6fc2","type":"Attachment","name":"Za\u0142\u0105czniki","description":"Za\u0142\u0105czniki do strony","content":[{"src":"\/resource\/32\/Wniosek+o+zapewnienie+dost%25C4%2599pno%25C5%259Bci+architektonicznej+i+informacyjno-komunikacyjnej..pdf","extension":"PDF","name":"1de8631639bce266d92c439ad80976d3.pdf","size":"154.09 KB"},{"src":"\/resource\/32\/Wniosek+o+zapewnienie+dost%25C4%2599pno%25C5%259Bci+cyfrowej..pdf","extension":"PDF","name":"7533c8d9062d464235128b62f77fa8a8.pdf","size":"152.52 KB"}]},{"id":"d63e71ef-92cf-11f0-b976-00505697ccff","type":"PageThumbnail","name":"","description":"Miniaturka strony","content":[]}]}